{"id":3782,"date":"2021-11-28T10:30:53","date_gmt":"2021-11-28T10:30:53","guid":{"rendered":"https:\/\/www.clinicabadia.com\/curriculum\/"},"modified":"2021-11-28T18:26:09","modified_gmt":"2021-11-28T18:26:09","slug":"curriculum","status":"publish","type":"page","link":"https:\/\/www.clinicabadia.com\/es\/curriculum\/","title":{"rendered":"Curriculum"},"content":{"rendered":"<div class='grid-row clearfix'><div class='grid-col grid-col-8'><section class='cws-widget'><div class='widget-title'>Trabaja con nosotros<\/div><section class='cws_widget_content'>\n<p>Rellena el siguiente formulario y, si tu perfil encaja con alguna de nuestras oportunidades laborales, nos pondremos en contacto contigo lo antes posible.<\/p>\n\n<div class=\"wpcf7 no-js\" id=\"wpcf7-f3780-o1\" lang=\"en-US\" dir=\"ltr\" data-wpcf7-id=\"3780\">\n<div class=\"screen-reader-response\"><p role=\"status\" aria-live=\"polite\" aria-atomic=\"true\"><\/p> <ul><\/ul><\/div>\n<form action=\"\/es\/wp-json\/wp\/v2\/pages\/3782#wpcf7-f3780-o1\" method=\"post\" class=\"wpcf7-form init\" aria-label=\"Contact form\" enctype=\"multipart\/form-data\" novalidate=\"novalidate\" data-status=\"init\">\n<fieldset class=\"hidden-fields-container\"><input type=\"hidden\" name=\"_wpcf7\" value=\"3780\" \/><input type=\"hidden\" name=\"_wpcf7_version\" value=\"6.1.1\" \/><input type=\"hidden\" name=\"_wpcf7_locale\" value=\"en_US\" \/><input type=\"hidden\" name=\"_wpcf7_unit_tag\" value=\"wpcf7-f3780-o1\" \/><input type=\"hidden\" name=\"_wpcf7_container_post\" value=\"0\" \/><input type=\"hidden\" name=\"_wpcf7_posted_data_hash\" value=\"\" \/><input type=\"hidden\" name=\"_wpcf7_recaptcha_response\" value=\"\" \/>\n<\/fieldset>\n<p><span class=\"wpcf7-form-control-wrap\" data-name=\"your-name\"><input size=\"40\" maxlength=\"400\" class=\"wpcf7-form-control wpcf7-text wpcf7-validates-as-required\" aria-required=\"true\" aria-invalid=\"false\" placeholder=\"Nombre\" value=\"\" type=\"text\" name=\"your-name\" \/><\/span>\n<\/p>\n<p><span class=\"wpcf7-form-control-wrap\" data-name=\"your-email\"><input size=\"40\" maxlength=\"400\" class=\"wpcf7-form-control wpcf7-email wpcf7-validates-as-required wpcf7-text wpcf7-validates-as-email\" aria-required=\"true\" aria-invalid=\"false\" placeholder=\"E-mail\" value=\"\" type=\"email\" name=\"your-email\" \/><\/span>\n<\/p>\n<p>Adjuntar curriculum (solo archivos pdf):\n<\/p>\n<p><span class=\"wpcf7-form-control-wrap\" data-name=\"file-663\"><input size=\"40\" class=\"wpcf7-form-control wpcf7-file wpcf7-validates-as-required\" accept=\".pdf\" aria-required=\"true\" aria-invalid=\"false\" type=\"file\" name=\"file-663\" \/><\/span>\n<\/p>\n<p style=\"display: block;\">Aceptar cl\u00e1usula de protecci\u00f3n de datos (marcar casilla):\n<\/p>\n<p><span class=\"wpcf7-form-control-wrap\" data-name=\"acceptance-630\"><span class=\"wpcf7-form-control wpcf7-acceptance\"><span class=\"wpcf7-list-item\"><input type=\"checkbox\" name=\"acceptance-630\" value=\"1\" aria-invalid=\"false\" \/><\/span><\/span><\/span>\n<\/p>\n<p><input class=\"wpcf7-form-control wpcf7-submit has-spinner\" type=\"submit\" value=\"Enviar\" \/>\n<\/p><div class=\"wpcf7-response-output\" aria-hidden=\"true\"><\/div>\n<\/form>\n<\/div>\n\n<p>&nbsp;<\/p>\n<p>&nbsp;<\/p>\n<\/section><\/section><section class='cws-widget'><section class='cws_widget_content'>\n<p><strong><u>CL\u00c1USULA DE PROTECCI\u00d3N DE DATOS<\/u><\/strong><\/p>\n<p>De conformidad con el Reglamento (UE) 2016\/679, as\u00ed como la Ley Org\u00e1nica 3\/2018, se informa que: <strong>(i)<\/strong> El Responsable del Tratamiento es MIQUEL BADIA I SALA, con DNI 38785259Z, Domiciliado Carrer Barcelona, n\u00fam. 12-14, 08301 Matar\u00f3 (Barcelona); <strong>(ii) <\/strong>Sus datos ser\u00e1n tratado con la finalidad de atender su solicitud y analizar su perfil para participar en los procesos de selecci\u00f3n del personal; <strong>(iii)<\/strong> El tratamiento del CV y los datos personales est\u00e1 basado en el consentimiento que ha prestado el interesado mediante la casilla de aceptaci\u00f3n; <strong>(iv)<\/strong> Los datos se conservar\u00e1n durante un plazo m\u00e1ximo de un a\u00f1o; <strong>(vi) <\/strong>No se comunicar\u00e1n los datos a terceros, excepto obligaci\u00f3n legal o con el consentimiento expreso del interesado; <strong>(vii)<\/strong> No se realizan Transferencias Internacionales de datos a terceros pa\u00edses fuera de la Uni\u00f3n Europea; <strong>(viii)<\/strong> El interesado tiene derecho a retirar el consentimiento en cualquier momento. Asimismo, le informamos que podr\u00e1 ejercer sus derechos de acceso, rectificaci\u00f3n y supresi\u00f3n (Derecho al olvido), limitaci\u00f3n de los datos, portabilidad de los datos y oposici\u00f3n, enviando un escrito al correo electr\u00f3nico <a href=\"mailto:info@clinicabadia.com\">info@clinicabadia.com<\/a> as\u00ed como presentar una reclamaci\u00f3n ante la autoridad de control en materia de protecci\u00f3n de datos competente, que actualmente es la Agencia Espa\u00f1ola de Protecci\u00f3n de Datos (AEPD), a trav\u00e9s de su sede electr\u00f3nica: www.sedeagpd.gob.es\/sede-electronica-web, o enviando un escrito a C\/ Jorge Juan n\u00ba6 \u2013 28001 MADRID.<\/p>\n<\/section><\/section><\/div><div class='grid-col grid-col-4'><section class='cws-widget'><div class='widget-title'>Datos de contacto<\/div><section class='cws_widget_content'>\n<h4>Cl\u00ednica Badia d&#8217;Oftalmologia<\/h4>\n<ul>\n<li>Carrer Barcelona, 12-14, 3er<\/li>\n<li>08301 Matar\u00f3<\/li>\n<\/ul>\n<p>&nbsp;<\/p>\n<ul>\n<li>Tel\u00e9fono: <a href=\"tel:937904994\"> 937904994<\/a> | <a href=\"tel:937906090\"> 937906090<\/a><\/li>\n<li>E-mail: <a href=\"mailto:info@clinicabadia.com\">info@clinicabadia.com<\/a><\/li>\n<\/ul>\n<p>&nbsp;<\/p>\n<p><img loading=\"lazy\" decoding=\"async\" class=\"alignnone size-full wp-image-3587\" src=\"https:\/\/www.clinicabadia.com\/wp-content\/uploads\/2014\/07\/sala-espera.jpg\" alt=\"Cl\u00ednica Badia - Sala d'espera\" width=\"750\" height=\"674\" srcset=\"https:\/\/www.clinicabadia.com\/wp-content\/uploads\/2014\/07\/sala-espera.jpg 750w, https:\/\/www.clinicabadia.com\/wp-content\/uploads\/2014\/07\/sala-espera-768x690.jpg 768w, https:\/\/www.clinicabadia.com\/wp-content\/uploads\/2014\/07\/sala-espera-100x89.jpg 100w, https:\/\/www.clinicabadia.com\/wp-content\/uploads\/2014\/07\/sala-espera-230x206.jpg 230w\" sizes=\"auto, (max-width: 750px) 100vw, 750px\" \/><\/p>\n<\/section><\/section><\/div><\/div>\n","protected":false},"excerpt":{"rendered":"","protected":false},"author":1,"featured_media":0,"parent":0,"menu_order":56,"comment_status":"open","ping_status":"closed","template":"","meta":{"footnotes":""},"class_list":["post-3782","page","type-page","status-publish","hentry"],"yoast_head":"<!-- This site is optimized with the Yoast SEO plugin v26.0 - https:\/\/yoast.com\/wordpress\/plugins\/seo\/ -->\n<title>Curriculum - Cl\u00ednica Badia de Oftalmolog\u00eda<\/title>\n<meta name=\"robots\" content=\"index, follow, max-snippet:-1, max-image-preview:large, max-video-preview:-1\" \/>\n<link rel=\"canonical\" href=\"https:\/\/www.clinicabadia.com\/es\/curriculum\/\" \/>\n<meta property=\"og:locale\" content=\"es_ES\" \/>\n<meta property=\"og:type\" content=\"article\" \/>\n<meta property=\"og:title\" content=\"Curriculum - Cl\u00ednica Badia de Oftalmolog\u00eda\" \/>\n<meta property=\"og:url\" content=\"https:\/\/www.clinicabadia.com\/es\/curriculum\/\" \/>\n<meta property=\"og:site_name\" content=\"Cl\u00ednica Badia de Oftalmolog\u00eda\" \/>\n<meta property=\"article:modified_time\" content=\"2021-11-28T18:26:09+00:00\" \/>\n<meta property=\"og:image\" content=\"https:\/\/www.clinicabadia.com\/wp-content\/uploads\/2014\/07\/sala-espera.jpg\" \/>\n<meta name=\"twitter:card\" content=\"summary_large_image\" \/>\n<meta name=\"twitter:label1\" content=\"Tiempo de lectura\" \/>\n\t<meta name=\"twitter:data1\" content=\"2 minutos\" \/>\n<script type=\"application\/ld+json\" class=\"yoast-schema-graph\">{\"@context\":\"https:\/\/schema.org\",\"@graph\":[{\"@type\":\"WebPage\",\"@id\":\"https:\/\/www.clinicabadia.com\/es\/curriculum\/\",\"url\":\"https:\/\/www.clinicabadia.com\/es\/curriculum\/\",\"name\":\"Curriculum - Cl\u00ednica Badia de Oftalmolog\u00eda\",\"isPartOf\":{\"@id\":\"https:\/\/www.clinicabadia.com\/#website\"},\"primaryImageOfPage\":{\"@id\":\"https:\/\/www.clinicabadia.com\/es\/curriculum\/#primaryimage\"},\"image\":{\"@id\":\"https:\/\/www.clinicabadia.com\/es\/curriculum\/#primaryimage\"},\"thumbnailUrl\":\"https:\/\/www.clinicabadia.com\/wp-content\/uploads\/2014\/07\/sala-espera.jpg\",\"datePublished\":\"2021-11-28T10:30:53+00:00\",\"dateModified\":\"2021-11-28T18:26:09+00:00\",\"breadcrumb\":{\"@id\":\"https:\/\/www.clinicabadia.com\/es\/curriculum\/#breadcrumb\"},\"inLanguage\":\"es\",\"potentialAction\":[{\"@type\":\"ReadAction\",\"target\":[\"https:\/\/www.clinicabadia.com\/es\/curriculum\/\"]}]},{\"@type\":\"ImageObject\",\"inLanguage\":\"es\",\"@id\":\"https:\/\/www.clinicabadia.com\/es\/curriculum\/#primaryimage\",\"url\":\"https:\/\/www.clinicabadia.com\/wp-content\/uploads\/2014\/07\/sala-espera.jpg\",\"contentUrl\":\"https:\/\/www.clinicabadia.com\/wp-content\/uploads\/2014\/07\/sala-espera.jpg\"},{\"@type\":\"BreadcrumbList\",\"@id\":\"https:\/\/www.clinicabadia.com\/es\/curriculum\/#breadcrumb\",\"itemListElement\":[{\"@type\":\"ListItem\",\"position\":1,\"name\":\"Inici\",\"item\":\"https:\/\/www.clinicabadia.com\/es\/\"},{\"@type\":\"ListItem\",\"position\":2,\"name\":\"Curriculum\"}]},{\"@type\":\"WebSite\",\"@id\":\"https:\/\/www.clinicabadia.com\/#website\",\"url\":\"https:\/\/www.clinicabadia.com\/\",\"name\":\"Cl\u00ednica Badia de Oftalmolog\u00eda\",\"description\":\"Primer centre Integral del Maresme en la correcci\u00f3 visual per l\u00e0ser\",\"potentialAction\":[{\"@type\":\"SearchAction\",\"target\":{\"@type\":\"EntryPoint\",\"urlTemplate\":\"https:\/\/www.clinicabadia.com\/?s={search_term_string}\"},\"query-input\":{\"@type\":\"PropertyValueSpecification\",\"valueRequired\":true,\"valueName\":\"search_term_string\"}}],\"inLanguage\":\"es\"}]}<\/script>\n<!-- \/ Yoast SEO plugin. -->","yoast_head_json":{"title":"Curriculum - Cl\u00ednica Badia de Oftalmolog\u00eda","robots":{"index":"index","follow":"follow","max-snippet":"max-snippet:-1","max-image-preview":"max-image-preview:large","max-video-preview":"max-video-preview:-1"},"canonical":"https:\/\/www.clinicabadia.com\/es\/curriculum\/","og_locale":"es_ES","og_type":"article","og_title":"Curriculum - Cl\u00ednica Badia de Oftalmolog\u00eda","og_url":"https:\/\/www.clinicabadia.com\/es\/curriculum\/","og_site_name":"Cl\u00ednica Badia de Oftalmolog\u00eda","article_modified_time":"2021-11-28T18:26:09+00:00","og_image":[{"url":"https:\/\/www.clinicabadia.com\/wp-content\/uploads\/2014\/07\/sala-espera.jpg","type":"","width":"","height":""}],"twitter_card":"summary_large_image","twitter_misc":{"Tiempo de lectura":"2 minutos"},"schema":{"@context":"https:\/\/schema.org","@graph":[{"@type":"WebPage","@id":"https:\/\/www.clinicabadia.com\/es\/curriculum\/","url":"https:\/\/www.clinicabadia.com\/es\/curriculum\/","name":"Curriculum - Cl\u00ednica Badia de Oftalmolog\u00eda","isPartOf":{"@id":"https:\/\/www.clinicabadia.com\/#website"},"primaryImageOfPage":{"@id":"https:\/\/www.clinicabadia.com\/es\/curriculum\/#primaryimage"},"image":{"@id":"https:\/\/www.clinicabadia.com\/es\/curriculum\/#primaryimage"},"thumbnailUrl":"https:\/\/www.clinicabadia.com\/wp-content\/uploads\/2014\/07\/sala-espera.jpg","datePublished":"2021-11-28T10:30:53+00:00","dateModified":"2021-11-28T18:26:09+00:00","breadcrumb":{"@id":"https:\/\/www.clinicabadia.com\/es\/curriculum\/#breadcrumb"},"inLanguage":"es","potentialAction":[{"@type":"ReadAction","target":["https:\/\/www.clinicabadia.com\/es\/curriculum\/"]}]},{"@type":"ImageObject","inLanguage":"es","@id":"https:\/\/www.clinicabadia.com\/es\/curriculum\/#primaryimage","url":"https:\/\/www.clinicabadia.com\/wp-content\/uploads\/2014\/07\/sala-espera.jpg","contentUrl":"https:\/\/www.clinicabadia.com\/wp-content\/uploads\/2014\/07\/sala-espera.jpg"},{"@type":"BreadcrumbList","@id":"https:\/\/www.clinicabadia.com\/es\/curriculum\/#breadcrumb","itemListElement":[{"@type":"ListItem","position":1,"name":"Inici","item":"https:\/\/www.clinicabadia.com\/es\/"},{"@type":"ListItem","position":2,"name":"Curriculum"}]},{"@type":"WebSite","@id":"https:\/\/www.clinicabadia.com\/#website","url":"https:\/\/www.clinicabadia.com\/","name":"Cl\u00ednica Badia de Oftalmolog\u00eda","description":"Primer centre Integral del Maresme en la correcci\u00f3 visual per l\u00e0ser","potentialAction":[{"@type":"SearchAction","target":{"@type":"EntryPoint","urlTemplate":"https:\/\/www.clinicabadia.com\/?s={search_term_string}"},"query-input":{"@type":"PropertyValueSpecification","valueRequired":true,"valueName":"search_term_string"}}],"inLanguage":"es"}]}},"_links":{"self":[{"href":"https:\/\/www.clinicabadia.com\/es\/wp-json\/wp\/v2\/pages\/3782","targetHints":{"allow":["GET"]}}],"collection":[{"href":"https:\/\/www.clinicabadia.com\/es\/wp-json\/wp\/v2\/pages"}],"about":[{"href":"https:\/\/www.clinicabadia.com\/es\/wp-json\/wp\/v2\/types\/page"}],"author":[{"embeddable":true,"href":"https:\/\/www.clinicabadia.com\/es\/wp-json\/wp\/v2\/users\/1"}],"replies":[{"embeddable":true,"href":"https:\/\/www.clinicabadia.com\/es\/wp-json\/wp\/v2\/comments?post=3782"}],"version-history":[{"count":3,"href":"https:\/\/www.clinicabadia.com\/es\/wp-json\/wp\/v2\/pages\/3782\/revisions"}],"predecessor-version":[{"id":3785,"href":"https:\/\/www.clinicabadia.com\/es\/wp-json\/wp\/v2\/pages\/3782\/revisions\/3785"}],"wp:attachment":[{"href":"https:\/\/www.clinicabadia.com\/es\/wp-json\/wp\/v2\/media?parent=3782"}],"curies":[{"name":"wp","href":"https:\/\/api.w.org\/{rel}","templated":true}]}}